{"version":"1.0","provider_name":"PCOS Princess","provider_url":"https:\/\/pcosprincess.cafeblog.hu","author_name":"Szappi","author_url":"https:\/\/pcosprincess.cafeblog.hu\/author\/szappi\/","title":"\u00dajra az \u00e9terben","html":"<p>T\u00f6bb mint egy \u00e9ve nem posztoltam \u00e9s nem osztottam meg semmit. Pedig nagyon szerettem foglalkozni a blogommal \u00e9s nem akartam, hogy k\u00e1rba vesszen, de valahogy akkoriban t\u00fal sok minden ker\u00fclt az \u00e9letembe \u00e9s elmaradoztak a posztok \u00e9s nem \u00e9reztem magam el\u00e9g motiv\u00e1ltnak ahhoz, hogy \u00e1lland\u00f3 jelleggel posztoljak.<\/p>\r\n<p>De most visszat\u00e9rtem!<\/p>\r\n<p>Egy kem\u00e9ny \u00e9ven vagyok t\u00fal, vagy \u00fagy is mondhatn\u00e1m, rengeteg mindenen mentem kereszt\u00fcl \u00e9s nem csak a k\u00f6rnyezetem v\u00e1ltozott, hanem \u00e9n magam is. Az egyetemen hajtottam, hogy elnyerhessek egy k\u00fclf\u00f6ldi \u00f6szt\u00f6nd\u00edjat, amit siker\u00fclt is, \u00edgy imm\u00e1ron szeptember \u00f3ta k\u00fclf\u00f6ld\u00f6n, Belgiumban \u00e9lek, k\u00f6zben k\u00fczd\u00f6ttem a h\u00e1tammal \u00e9s gerincemmel, mert a visszat\u00e9r\u0151 f\u00e1jdalom megkeser\u00edtette olykor-olykor a napjaimat, majd az \u00faj orsz\u00e1gban val\u00f3 berendezked\u00e9s \u00e9s \u00e9let kialak\u00edt\u00e1sa mai napig lefoglalja az energi\u00e1imat. Majd k\u00f6zbe j\u00f6tt egy m\u00e9lyebb id\u0151szak is, amikor teljesen a g\u00f6d\u00f6r alj\u00e1ra ker\u00fcltem, teh\u00e1t az elm\u00falt h\u00f3napok teljesen az \u00e9letem \u00e9s \u00f6nmagam \u00fajra\u00e9p\u00edt\u00e9s\u00e9r\u0151l sz\u00f3ltak \u00e9s most jutottam el v\u00e9gre od\u00e1ig, hogy megnyugodott a lelkem \u00e9s tudom, hogy a helyes utat j\u00e1rom, illetve szeretn\u00e9m folytatni a betegs\u00e9gemr\u0151l val\u00f3 blogol\u00e1st \u00e9s m\u00e1sok seg\u00edt\u00e9s\u00e9t, mert k\u00f6zben v\u00e9gre megfelel\u0151 orvosi kezek k\u00f6z\u00e9 ker\u00fcltem \u00e9s megl\u00e1ttam a f\u00e9nyt az alag\u00fat v\u00e9g\u00e9n, hossz\u00fa \u00e9vek ut\u00e1n \u00fagy vagyok kezelve, ahogyan azt kell \u00e9s \u00fajra elkezdtem javulni (de err\u0151l majd egy m\u00e1sik posztban).<\/p>\r\n<p>Teh\u00e1t \u00fcdv \u00fajra mindenkinek! :)\u00a0<\/p>\r\n<p>&nbsp;<\/p>\r\n<p>&nbsp;<\/p>","type":"rich"}